{"id":471,"date":"2022-08-24T14:26:10","date_gmt":"2022-08-24T14:26:10","guid":{"rendered":"http:\/\/braziliandayphiladelphia.com\/?page_id=471"},"modified":"2025-07-23T01:11:18","modified_gmt":"2025-07-23T01:11:18","slug":"test-2","status":"publish","type":"page","link":"http:\/\/braziliandayphiladelphia.com\/","title":{"rendered":"Home"},"content":{"rendered":"<p>[et_pb_section fb_built=&#8221;1&#8243; admin_label=&#8221;section&#8221; module_id=&#8221;the-organizer&#8221; _builder_version=&#8221;4.21.0&#8243; custom_padding=&#8221;||||false|false&#8221; bottom_divider_color=&#8221;rgba(0,0,0,0.06)&#8221; bottom_divider_height=&#8221;202px&#8221; global_colors_info=&#8221;{}&#8221;][et_pb_row admin_label=&#8221;row&#8221; _builder_version=&#8221;4.16&#8243; background_size=&#8221;initial&#8221; background_position=&#8221;top_left&#8221; background_repeat=&#8221;repeat&#8221; global_colors_info=&#8221;{}&#8221;][et_pb_column type=&#8221;4_4&#8243; _builder_version=&#8221;4.16&#8243; custom_padding=&#8221;|||&#8221; global_colors_info=&#8221;{}&#8221; custom_padding__hover=&#8221;|||&#8221;][et_pb_text _builder_version=&#8221;4.27.0&#8243; _module_preset=&#8221;default&#8221; text_font=&#8221;Archivo Black|600|||||||&#8221; text_text_color=&#8221;#305cde&#8221; text_font_size=&#8221;30px&#8221; text_orientation=&#8221;center&#8221; hover_enabled=&#8221;0&#8243; global_colors_info=&#8221;{}&#8221; sticky_enabled=&#8221;0&#8243;]<\/p>\n<p>The Organizer<\/p>\n<p>[\/et_pb_text][et_pb_text _builder_version=&#8221;4.21.0&#8243; _module_preset=&#8221;default&#8221; text_font=&#8221;Archivo||||||||&#8221; text_text_color=&#8221;#000000&#8243; text_font_size=&#8221;22px&#8221; text_orientation=&#8221;center&#8221; global_colors_info=&#8221;{}&#8221;]<\/p>\n<p>Project Capoeira<\/p>\n<p>[\/et_pb_text][et_pb_image src=&#8221;http:\/\/braziliandayphiladelphia.com\/wp-content\/uploads\/2015\/08\/pclogo.jpg&#8221; alt=&#8221;Project Capoeira logo&#8221; title_text=&#8221;Project Capoeira&#8221; align=&#8221;center&#8221; _builder_version=&#8221;4.21.0&#8243; _module_preset=&#8221;default&#8221; width=&#8221;300px&#8221; max_width_tablet=&#8221;50%&#8221; max_width_phone=&#8221;92%&#8221; max_width_last_edited=&#8221;on|desktop&#8221; module_alignment=&#8221;center&#8221; global_colors_info=&#8221;{}&#8221;][\/et_pb_image][\/et_pb_column][\/et_pb_row][et_pb_row column_structure=&#8221;1_2,1_2&#8243; _builder_version=&#8221;4.21.0&#8243; _module_preset=&#8221;default&#8221; global_colors_info=&#8221;{}&#8221;][et_pb_column type=&#8221;1_2&#8243; _builder_version=&#8221;4.21.0&#8243; _module_preset=&#8221;default&#8221; global_colors_info=&#8221;{}&#8221;][et_pb_text _builder_version=&#8221;4.21.0&#8243; _module_preset=&#8221;default&#8221; text_font=&#8221;Archivo|600|||||||&#8221; text_text_color=&#8221;#193375&#8243; text_font_size=&#8221;22px&#8221; global_colors_info=&#8221;{}&#8221;]<\/p>\n<p>Mission<\/p>\n<p>[\/et_pb_text][et_pb_text _builder_version=&#8221;4.21.0&#8243; _module_preset=&#8221;default&#8221; text_font=&#8221;Archivo||||||||&#8221; text_text_color=&#8221;#000000&#8243; text_font_size=&#8221;16px&#8221; text_line_height=&#8221;1.8em&#8221; global_colors_info=&#8221;{}&#8221;]<\/p>\n<p>Project Capoeira is the instrumental organizer, promoter, and participant of Brazilian Day Philadelphia. As a 501(C)(3) nonprofit organization,<span style=\"font-weight: 400;\"> the mission of Project Capoeira, Inc. is to preserve, develop, and share Capoeira, a Brazilian folk art that combines elements of martial arts, music, dance, and acrobatics. Our activities grow intercultural understanding and a sense of community through arts education and social outreach. The organization uses Capoeira as a vehicle to promote other Brazilian arts and to preserve Brazilian culture in Greater Philadelphia.<\/span><\/p>\n<p>Since 2001, Project Capoeira enriches the community through public performances, street festivals, community workshops, and regular classes.<\/p>\n<p>[\/et_pb_text][\/et_pb_column][et_pb_column type=&#8221;1_2&#8243; _builder_version=&#8221;4.21.0&#8243; _module_preset=&#8221;default&#8221; global_colors_info=&#8221;{}&#8221;][et_pb_slider show_arrows=&#8221;off&#8221; show_pagination=&#8221;off&#8221; show_image_video_mobile=&#8221;on&#8221; _builder_version=&#8221;4.21.0&#8243; _module_preset=&#8221;default&#8221; custom_margin=&#8221;||||false|false&#8221; custom_padding=&#8221;||||false|false&#8221; auto=&#8221;on&#8221; auto_speed=&#8221;5000&#8243; auto_ignore_hover=&#8221;on&#8221; global_colors_info=&#8221;{}&#8221;][et_pb_slide image=&#8221;http:\/\/braziliandayphiladelphia.com\/wp-content\/uploads\/2016\/05\/20150921_brazilian_day_philly_590.jpg&#8221; use_bg_overlay=&#8221;off&#8221; _builder_version=&#8221;4.21.0&#8243; _module_preset=&#8221;default&#8221; background_enable_color=&#8221;off&#8221; width=&#8221;100%&#8221; max_width=&#8221;100%&#8221; custom_padding=&#8221;0px|0px||0px|false|false&#8221; global_colors_info=&#8221;{}&#8221; sticky_transition=&#8221;on&#8221;][\/et_pb_slide][et_pb_slide image=&#8221;http:\/\/braziliandayphiladelphia.com\/wp-content\/uploads\/2016\/05\/20150921_brazilian_day_philly_018.jpg&#8221; use_bg_overlay=&#8221;off&#8221; _builder_version=&#8221;4.21.0&#8243; _module_preset=&#8221;default&#8221; background_enable_color=&#8221;off&#8221; width=&#8221;100%&#8221; max_width=&#8221;100%&#8221; custom_padding=&#8221;0px|0px||0px|false|false&#8221; global_colors_info=&#8221;{}&#8221; sticky_transition=&#8221;on&#8221;][\/et_pb_slide][et_pb_slide image=&#8221;http:\/\/braziliandayphiladelphia.com\/wp-content\/uploads\/2016\/05\/20150921_brazilian_day_philly_549.jpg&#8221; use_bg_overlay=&#8221;off&#8221; _builder_version=&#8221;4.21.0&#8243; _module_preset=&#8221;default&#8221; background_enable_color=&#8221;off&#8221; width=&#8221;100%&#8221; max_width=&#8221;100%&#8221; custom_padding=&#8221;0px|0px||0px|false|false&#8221; global_colors_info=&#8221;{}&#8221; sticky_transition=&#8221;on&#8221;][\/et_pb_slide][\/et_pb_slider][\/et_pb_column][\/et_pb_row][\/et_pb_section][et_pb_section fb_built=&#8221;1&#8243; module_id=&#8221;our-sponsors&#8221; _builder_version=&#8221;4.21.0&#8243; _module_preset=&#8221;default&#8221; background_enable_color=&#8221;off&#8221; background_pattern_repeat_origin=&#8221;center&#8221; top_divider_color=&#8221;rgba(0,0,0,0.07)&#8221; border_width_top=&#8221;4px&#8221; border_color_top=&#8221;rgba(0,0,0,0.1)&#8221; border_style_top=&#8221;dotted&#8221; global_colors_info=&#8221;{}&#8221;][et_pb_row _builder_version=&#8221;4.21.0&#8243; _module_preset=&#8221;default&#8221; global_colors_info=&#8221;{}&#8221;][et_pb_column type=&#8221;4_4&#8243; _builder_version=&#8221;4.21.0&#8243; _module_preset=&#8221;default&#8221; global_colors_info=&#8221;{}&#8221;][et_pb_text _builder_version=&#8221;4.27.0&#8243; _module_preset=&#8221;default&#8221; text_font=&#8221;Archivo Black|600|||||||&#8221; text_text_color=&#8221;#305cde&#8221; text_font_size=&#8221;30px&#8221; text_orientation=&#8221;center&#8221; hover_enabled=&#8221;0&#8243; global_colors_info=&#8221;{}&#8221; sticky_enabled=&#8221;0&#8243;]<\/p>\n<p>Our Supporters<\/p>\n<p>[\/et_pb_text][\/et_pb_column][\/et_pb_row][et_pb_row column_structure=&#8221;1_5,1_5,1_5,1_5,1_5&#8243; make_equal=&#8221;on&#8221; _builder_version=&#8221;4.21.0&#8243; _module_preset=&#8221;default&#8221; width=&#8221;50%&#8221; global_colors_info=&#8221;{}&#8221;][et_pb_column type=&#8221;1_5&#8243; _builder_version=&#8221;4.21.0&#8243; _module_preset=&#8221;default&#8221; custom_css_main_element=&#8221;margin:auto&#8221; global_colors_info=&#8221;{}&#8221;][et_pb_image src=&#8221;http:\/\/braziliandayphiladelphia.com\/wp-content\/uploads\/2024\/07\/PCF-expresso-logo.jpg&#8221; title_text=&#8221;PCF expresso logo&#8221; _builder_version=&#8221;4.22.1&#8243; _module_preset=&#8221;default&#8221; global_colors_info=&#8221;{}&#8221;][\/et_pb_image][\/et_pb_column][et_pb_column type=&#8221;1_5&#8243; _builder_version=&#8221;4.21.0&#8243; _module_preset=&#8221;default&#8221; custom_css_main_element=&#8221;margin:auto&#8221; global_colors_info=&#8221;{}&#8221;][et_pb_image src=&#8221;http:\/\/braziliandayphiladelphia.com\/wp-content\/uploads\/2016\/08\/OIA_Logo-Vector.jpg&#8221; title_text=&#8221;OIA_Logo Vector&#8221; _builder_version=&#8221;4.21.0&#8243; _module_preset=&#8221;default&#8221; global_colors_info=&#8221;{}&#8221;][\/et_pb_image][\/et_pb_column][et_pb_column type=&#8221;1_5&#8243; _builder_version=&#8221;4.21.0&#8243; _module_preset=&#8221;default&#8221; custom_css_main_element=&#8221;margin:auto&#8221; global_colors_info=&#8221;{}&#8221;][et_pb_image src=&#8221;http:\/\/braziliandayphiladelphia.com\/wp-content\/uploads\/2018\/07\/aw-color-logo-small-cropped1.jpg&#8221; alt=&#8221;National Endowment for the Arts&#8221; title_text=&#8221;National Endowment for the Arts&#8221; _builder_version=&#8221;4.21.0&#8243; _module_preset=&#8221;default&#8221; global_colors_info=&#8221;{}&#8221;][\/et_pb_image][\/et_pb_column][et_pb_column type=&#8221;1_5&#8243; _builder_version=&#8221;4.21.0&#8243; _module_preset=&#8221;default&#8221; custom_css_main_element=&#8221;margin:auto&#8221; global_colors_info=&#8221;{}&#8221;][et_pb_image src=&#8221;http:\/\/braziliandayphiladelphia.com\/wp-content\/uploads\/2022\/07\/PCA-logo-color-01.jpg&#8221; alt=&#8221;National Endowment for the Arts&#8221; title_text=&#8221;PCA-logo-color-01&#8243; align=&#8221;center&#8221; _builder_version=&#8221;4.21.0&#8243; _module_preset=&#8221;default&#8221; global_colors_info=&#8221;{}&#8221;][\/et_pb_image][\/et_pb_column][et_pb_column type=&#8221;1_5&#8243; _builder_version=&#8221;4.21.0&#8243; _module_preset=&#8221;default&#8221; custom_css_main_element=&#8221;margin:auto&#8221; global_colors_info=&#8221;{}&#8221;][et_pb_image src=&#8221;http:\/\/braziliandayphiladelphia.com\/wp-content\/uploads\/2019\/05\/2016NALAC_Logo_Black_Print-1520x300dpi.png&#8221; alt=&#8221;NALAC logo&#8221; title_text=&#8221;NALAC&#8221; align=&#8221;center&#8221; _builder_version=&#8221;4.21.0&#8243; _module_preset=&#8221;default&#8221; global_colors_info=&#8221;{}&#8221;][\/et_pb_image][\/et_pb_column][\/et_pb_row][et_pb_row column_structure=&#8221;1_3,1_3,1_3&#8243; make_equal=&#8221;on&#8221; custom_padding_last_edited=&#8221;on|desktop&#8221; _builder_version=&#8221;4.21.0&#8243; _module_preset=&#8221;default&#8221; width=&#8221;26%&#8221; width_tablet=&#8221;26%&#8221; width_phone=&#8221;50%&#8221; width_last_edited=&#8221;on|phone&#8221; module_alignment=&#8221;center&#8221; custom_padding=&#8221;||||false|false&#8221; custom_padding_tablet=&#8221;||||false|false&#8221; custom_padding_phone=&#8221;0px||||false|false&#8221; global_colors_info=&#8221;{}&#8221;][et_pb_column type=&#8221;1_3&#8243; _builder_version=&#8221;4.21.0&#8243; _module_preset=&#8221;default&#8221; custom_css_main_element=&#8221;margin:auto&#8221; global_colors_info=&#8221;{}&#8221;][et_pb_image src=&#8221;http:\/\/braziliandayphiladelphia.com\/wp-content\/uploads\/2023\/06\/newyork-consulate.jpg&#8221; title_text=&#8221;newyork-consulate&#8221; _builder_version=&#8221;4.21.0&#8243; _module_preset=&#8221;default&#8221; custom_margin=&#8221;||||false|false&#8221; global_colors_info=&#8221;{}&#8221;][\/et_pb_image][\/et_pb_column][et_pb_column type=&#8221;1_3&#8243; _builder_version=&#8221;4.21.0&#8243; _module_preset=&#8221;default&#8221; custom_css_main_element=&#8221;margin:auto&#8221; global_colors_info=&#8221;{}&#8221;][et_pb_image src=&#8221;http:\/\/braziliandayphiladelphia.com\/wp-content\/uploads\/2021\/07\/DRWC-logo.jpg&#8221; title_text=&#8221;Delaware River Waterfront Corporation&#8221; _builder_version=&#8221;4.21.0&#8243; _module_preset=&#8221;default&#8221; custom_margin_tablet=&#8221;40px||||false|false&#8221; custom_margin_phone=&#8221;40px||||false|false&#8221; custom_margin_last_edited=&#8221;on|tablet&#8221; global_colors_info=&#8221;{}&#8221;][\/et_pb_image][\/et_pb_column][et_pb_column type=&#8221;1_3&#8243; _builder_version=&#8221;4.21.0&#8243; _module_preset=&#8221;default&#8221; custom_css_main_element=&#8221;margin: auto;&#8221; global_colors_info=&#8221;{}&#8221;][et_pb_image src=&#8221;http:\/\/braziliandayphiladelphia.com\/wp-content\/uploads\/2022\/07\/peco_logo_sm_pos_rgb_int.png&#8221; alt=&#8221;National Endowment for the Arts&#8221; title_text=&#8221;peco_logo_sm_pos_rgb_int&#8221; align=&#8221;center&#8221; _builder_version=&#8221;4.21.0&#8243; _module_preset=&#8221;default&#8221; custom_padding=&#8221;||||false|false&#8221; custom_padding_tablet=&#8221;40px||0%||false|false&#8221; custom_padding_phone=&#8221;40px||0%||false|false&#8221; custom_padding_last_edited=&#8221;on|tablet&#8221; global_colors_info=&#8221;{}&#8221;][\/et_pb_image][\/et_pb_column][\/et_pb_row][\/et_pb_section][et_pb_section fb_built=&#8221;1&#8243; _builder_version=&#8221;4.21.0&#8243; _module_preset=&#8221;default&#8221; background_image=&#8221;http:\/\/braziliandayphiladelphia.com\/wp-content\/uploads\/2015\/07\/drummerslite.png&#8221; custom_padding=&#8221;50px||50px||true|false&#8221; global_colors_info=&#8221;{}&#8221;][et_pb_row _builder_version=&#8221;4.21.0&#8243; _module_preset=&#8221;default&#8221; global_colors_info=&#8221;{}&#8221;][et_pb_column type=&#8221;4_4&#8243; _builder_version=&#8221;4.21.0&#8243; _module_preset=&#8221;default&#8221; global_colors_info=&#8221;{}&#8221;][et_pb_image src=&#8221;http:\/\/braziliandayphiladelphia.com\/wp-content\/uploads\/2023\/07\/hand-shake.png&#8221; title_text=&#8221;hand-shake&#8221; align=&#8221;center&#8221; _builder_version=&#8221;4.21.0&#8243; _module_preset=&#8221;default&#8221; width=&#8221;300px&#8221; max_width_tablet=&#8221;30%&#8221; max_width_phone=&#8221;62%&#8221; max_width_last_edited=&#8221;on|phone&#8221; global_colors_info=&#8221;{}&#8221;][\/et_pb_image][et_pb_button button_url=&#8221;http:\/\/braziliandayphiladelphia.com\/?page_id=349&#8243; button_text=&#8221;BECOME A SPONSOR&#8221; button_alignment=&#8221;center&#8221; _builder_version=&#8221;4.21.0&#8243; _module_preset=&#8221;default&#8221; custom_button=&#8221;on&#8221; button_bg_color=&#8221;#207f00&#8243; button_border_width=&#8221;2px&#8221; button_border_radius=&#8221;3px&#8221; button_icon=&#8221;&#x3d;||divi||400&#8243; background_layout=&#8221;dark&#8221; button_text_shadow_style=&#8221;preset3&#8243; global_colors_info=&#8221;{}&#8221;][\/et_pb_button][\/et_pb_column][\/et_pb_row][\/et_pb_section][et_pb_section fb_built=&#8221;1&#8243; admin_label=&#8221;section&#8221; module_id=&#8221;about-anchor&#8221; _builder_version=&#8221;4.21.0&#8243; custom_padding=&#8221;||0px||false|false&#8221; bottom_divider_color=&#8221;rgba(0,0,0,0.06)&#8221; bottom_divider_height=&#8221;202px&#8221; global_colors_info=&#8221;{}&#8221;][et_pb_row admin_label=&#8221;row&#8221; _builder_version=&#8221;4.16&#8243; background_size=&#8221;initial&#8221; background_position=&#8221;top_left&#8221; background_repeat=&#8221;repeat&#8221; global_colors_info=&#8221;{}&#8221;][et_pb_column type=&#8221;4_4&#8243; _builder_version=&#8221;4.16&#8243; custom_padding=&#8221;|||&#8221; global_colors_info=&#8221;{}&#8221; custom_padding__hover=&#8221;|||&#8221;][et_pb_text _builder_version=&#8221;4.27.0&#8243; _module_preset=&#8221;default&#8221; text_font=&#8221;Archivo Black|600|||||||&#8221; text_text_color=&#8221;#305cde&#8221; text_font_size=&#8221;30px&#8221; text_orientation=&#8221;center&#8221; hover_enabled=&#8221;0&#8243; global_colors_info=&#8221;{}&#8221; sticky_enabled=&#8221;0&#8243;]<\/p>\n<p>About<\/p>\n<p>[\/et_pb_text][\/et_pb_column][\/et_pb_row][et_pb_row column_structure=&#8221;1_2,1_2&#8243; _builder_version=&#8221;4.21.0&#8243; _module_preset=&#8221;default&#8221; global_colors_info=&#8221;{}&#8221;][et_pb_column type=&#8221;1_2&#8243; _builder_version=&#8221;4.21.0&#8243; _module_preset=&#8221;default&#8221; global_colors_info=&#8221;{}&#8221;][et_pb_slider show_arrows=&#8221;off&#8221; show_pagination=&#8221;off&#8221; show_image_video_mobile=&#8221;on&#8221; _builder_version=&#8221;4.21.0&#8243; _module_preset=&#8221;default&#8221; max_height=&#8221;524px&#8221; custom_margin=&#8221;||||false|false&#8221; custom_padding=&#8221;||||false|false&#8221; auto=&#8221;on&#8221; auto_speed=&#8221;5000&#8243; auto_ignore_hover=&#8221;on&#8221; global_colors_info=&#8221;{}&#8221;][et_pb_slide image=&#8221;http:\/\/braziliandayphiladelphia.com\/wp-content\/uploads\/2017\/08\/IMG_67341.jpg&#8221; use_bg_overlay=&#8221;off&#8221; _builder_version=&#8221;4.21.0&#8243; _module_preset=&#8221;default&#8221; background_enable_color=&#8221;off&#8221; width=&#8221;100%&#8221; max_width=&#8221;100%&#8221; custom_padding=&#8221;0px|0px||0px|false|false&#8221; global_colors_info=&#8221;{}&#8221; sticky_transition=&#8221;on&#8221;][\/et_pb_slide][et_pb_slide image=&#8221;http:\/\/braziliandayphiladelphia.com\/wp-content\/uploads\/2016\/05\/20150921_brazilian_day_philly_759.jpg&#8221; use_bg_overlay=&#8221;off&#8221; _builder_version=&#8221;4.21.0&#8243; _module_preset=&#8221;default&#8221; background_enable_color=&#8221;off&#8221; width=&#8221;100%&#8221; max_width=&#8221;100%&#8221; custom_padding=&#8221;0px|0px||0px|false|false&#8221; global_colors_info=&#8221;{}&#8221; sticky_transition=&#8221;on&#8221;][\/et_pb_slide][\/et_pb_slider][\/et_pb_column][et_pb_column type=&#8221;1_2&#8243; _builder_version=&#8221;4.21.0&#8243; _module_preset=&#8221;default&#8221; global_colors_info=&#8221;{}&#8221;][et_pb_text _builder_version=&#8221;4.27.0&#8243; _module_preset=&#8221;default&#8221; text_font=&#8221;Archivo||||||||&#8221; text_text_color=&#8221;#000000&#8243; text_font_size=&#8221;16px&#8221; text_line_height=&#8221;1.8em&#8221; global_colors_info=&#8221;{}&#8221;]<\/p>\n<p><strong>OUR MISSION<\/strong><br \/>Brazilian Day Philadelphia Series occurs in September to celebrate Brazilian Independence Day. The Series celebrates, promotes, and shares Brazilian arts and culture in the Greater Philadelphia region while fostering intercultural exchange and uniting the Brazilian community.<\/p>\n<p>Since 2014, the Brazilian Day Philadelphia Series presents a variety of arts and cultural events for the public to enjoy including a flag ceremony at City Hall, Capoeira performances and classes at Project Capoeira&#8217;s Cultural Center, Brazil&#8217;s Unity Cup socccer team, and Brazilian Night at the Oval. The Series is the largest Brazilian culture celebration in Pennsylvania.<\/p>\n<p><strong>COLLABORATION<\/strong><br \/>The Brazilian Day Philadelphia Series collaborates with the City of Philadelphia, Brazilian Consulate, and other nonprofits and businesses to educate and celebrate Brazilian culture&#8217;s influence on our city. Our goal is give free public access to Brazilian arts.\u00a0<\/p>\n<p>[\/et_pb_text][\/et_pb_column][\/et_pb_row][\/et_pb_section][et_pb_section fb_built=&#8221;1&#8243; _builder_version=&#8221;4.21.0&#8243; _module_preset=&#8221;default&#8221; custom_padding=&#8221;3px|||||&#8221; global_colors_info=&#8221;{}&#8221;][et_pb_row column_structure=&#8221;1_3,1_3,1_3&#8243; _builder_version=&#8221;4.21.0&#8243; _module_preset=&#8221;default&#8221; global_colors_info=&#8221;{}&#8221;][et_pb_column type=&#8221;1_3&#8243; _builder_version=&#8221;4.21.0&#8243; _module_preset=&#8221;default&#8221; global_colors_info=&#8221;{}&#8221;][et_pb_blurb title=&#8221;Give us a call&#8221; use_icon=&#8221;on&#8221; font_icon=&#8221;&#xe090;||divi||400&#8243; icon_color=&#8221;#FFFFFF&#8221; image_icon_background_color=&#8221;#19ae47&#8243; image_icon_width=&#8221;36px&#8221; _builder_version=&#8221;4.27.0&#8243; _module_preset=&#8221;default&#8221; header_font=&#8221;Archivo|600|||||||&#8221; header_font_size=&#8221;20px&#8221; body_font=&#8221;|600|||||||&#8221; body_font_size=&#8221;17px&#8221; image_icon_custom_padding=&#8221;15px|15px|15px|15px|false|false&#8221; text_orientation=&#8221;center&#8221; border_radii_image=&#8221;on|500px|500px|500px|500px&#8221; global_colors_info=&#8221;{}&#8221;]<\/p>\n<p>610-762-7384<\/p>\n<p>[\/et_pb_blurb][\/et_pb_column][et_pb_column type=&#8221;1_3&#8243; _builder_version=&#8221;4.21.0&#8243; _module_preset=&#8221;default&#8221; global_colors_info=&#8221;{}&#8221;][et_pb_blurb title=&#8221;Send us an email&#8221; use_icon=&#8221;on&#8221; font_icon=&#8221;&#xf0e0;||fa||900&#8243; icon_color=&#8221;#FFFFFF&#8221; image_icon_background_color=&#8221;#19ae47&#8243; image_icon_width=&#8221;36px&#8221; _builder_version=&#8221;4.21.0&#8243; _module_preset=&#8221;default&#8221; header_font=&#8221;Archivo|600|||||||&#8221; header_font_size=&#8221;20px&#8221; body_font=&#8221;|600|||||||&#8221; body_font_size=&#8221;17px&#8221; image_icon_custom_padding=&#8221;15px|15px|15px|15px|false|false&#8221; text_orientation=&#8221;center&#8221; border_radii_image=&#8221;on|500px|500px|500px|500px&#8221; global_colors_info=&#8221;{}&#8221;]<\/p>\n<p>BrazilianDayPhiladelphia@gmail.com<\/p>\n<p>[\/et_pb_blurb][\/et_pb_column][et_pb_column type=&#8221;1_3&#8243; _builder_version=&#8221;4.21.0&#8243; _module_preset=&#8221;default&#8221; global_colors_info=&#8221;{}&#8221;][et_pb_blurb title=&#8221;Write us a love letter&#8221; use_icon=&#8221;on&#8221; font_icon=&#8221;&#xf56b;||fa||900&#8243; icon_color=&#8221;#FFFFFF&#8221; image_icon_background_color=&#8221;#19ae47&#8243; image_icon_width=&#8221;36px&#8221; _builder_version=&#8221;4.21.0&#8243; _module_preset=&#8221;default&#8221; header_font=&#8221;Archivo|600|||||||&#8221; header_font_size=&#8221;20px&#8221; body_font=&#8221;|600|||||||&#8221; body_font_size=&#8221;17px&#8221; image_icon_custom_padding=&#8221;15px|15px|15px|15px|false|false&#8221; text_orientation=&#8221;center&#8221; border_radii_image=&#8221;on|500px|500px|500px|500px&#8221; global_colors_info=&#8221;{}&#8221;]1213 Race St, Ground Floor, Philadelphia, PA 19107[\/et_pb_blurb][\/et_pb_column][\/et_pb_row][\/et_pb_section][et_pb_section fb_built=&#8221;1&#8243; module_id=&#8221;schedule-anchor&#8221; _builder_version=&#8221;4.21.0&#8243; _module_preset=&#8221;default&#8221; background_color=&#8221;rgba(25,174,71,0.39)&#8221; global_colors_info=&#8221;{}&#8221;][et_pb_row _builder_version=&#8221;4.21.0&#8243; _module_preset=&#8221;default&#8221; global_colors_info=&#8221;{}&#8221;][et_pb_column type=&#8221;4_4&#8243; _builder_version=&#8221;4.21.0&#8243; _module_preset=&#8221;default&#8221; global_colors_info=&#8221;{}&#8221;][et_pb_text _builder_version=&#8221;4.21.0&#8243; _module_preset=&#8221;default&#8221; text_font=&#8221;Archivo Black|600|||||||&#8221; text_text_color=&#8221;#000000&#8243; text_font_size=&#8221;30px&#8221; text_orientation=&#8221;center&#8221; global_colors_info=&#8221;{}&#8221;]<\/p>\n<p>Event Schedule<\/p>\n<p>[\/et_pb_text][et_pb_text _builder_version=&#8221;4.27.0&#8243; _module_preset=&#8221;default&#8221; text_font=&#8221;Archivo||||||||&#8221; text_text_color=&#8221;#000000&#8243; text_font_size=&#8221;16px&#8221; text_line_height=&#8221;1.8em&#8221; link_font=&#8221;||||on||||&#8221; link_text_color=&#8221;#193375&#8243; text_orientation=&#8221;center&#8221; custom_margin=&#8221;61px||||false|false&#8221; global_colors_info=&#8221;{}&#8221;]<\/p>\n<p dir=\"ltr\"><strong>Brazilian Night at the Oval<\/strong> &#8211; Saturday, 8\/23\/2025, 6 &#8211; 8 pm, 2451 Ben Franklin Parkway, Philadelphia, PA, 19130: including Batala Philly, Samba class with Malaika and ASCAB Capoeira<\/p>\n<p dir=\"ltr\"><strong>Capoeira Class or Workshop\u00a0<\/strong>&#8211; Wednesday \u00a0and Thursday, 9\/3\/2025 and 9\/4\/2025, 6:30 pm, 1213 Race St., Philadelphia<span><\/span><\/p>\n<p dir=\"ltr\"><strong>Brazilian Flag Ceremony\u00a0<\/strong>&#8211; Thursday, 9\/4\/2025, 3 pm, City Hall North Apron<\/p>\n<p dir=\"ltr\"><strong>Capoeira Roda \u2013<\/strong><span> Friday, 9\/5\/2025, 6:30 pm, 1213 Race St., Philadelphia<\/span><strong><span><\/span><\/strong><\/p>\n<p><strong>ASCAB Capoeira USA Batizado, Graduation, Rodas, Workshops<\/strong><span>\u00a0<\/span>\u2013 Saturday, 9\/6\/2025, 11 am \u2013 5:30 pm<br \/>Lloyd Hall, 1 Boathouse Row, Philadelphia, PA 19130<\/p>\n<p dir=\"ltr\"><strong>Brazilian Day Philadelphia<\/strong><span>, Sunday, 9\/7\/2025, 1 pm \u2013 7pm, Spruce Street Harbor Park, 301 S. Columbus Blvd., Philadelphia, PA 19106<\/span><\/p>\n<p>[\/et_pb_text][\/et_pb_column][\/et_pb_row][\/et_pb_section][et_pb_section fb_built=&#8221;1&#8243; _builder_version=&#8221;4.21.0&#8243; _module_preset=&#8221;default&#8221; background_image=&#8221;http:\/\/braziliandayphiladelphia.com\/wp-content\/uploads\/2015\/07\/vol.jpg&#8221; custom_margin=&#8221;30px||||false|false&#8221; custom_padding=&#8221;50px||50px||true|false&#8221; global_colors_info=&#8221;{}&#8221;][et_pb_row _builder_version=&#8221;4.21.0&#8243; _module_preset=&#8221;default&#8221; global_colors_info=&#8221;{}&#8221;][et_pb_column type=&#8221;4_4&#8243; _builder_version=&#8221;4.21.0&#8243; _module_preset=&#8221;default&#8221; global_colors_info=&#8221;{}&#8221;][et_pb_image src=&#8221;http:\/\/braziliandayphiladelphia.com\/wp-content\/uploads\/2023\/07\/Brazilian-Day-Website-volunteer.png&#8221; title_text=&#8221;Brazilian-Day-Website-volunteer&#8221; align=&#8221;center&#8221; _builder_version=&#8221;4.21.0&#8243; _module_preset=&#8221;default&#8221; width=&#8221;300px&#8221; max_width_tablet=&#8221;30%&#8221; max_width_phone=&#8221;62%&#8221; max_width_last_edited=&#8221;on|desktop&#8221; global_colors_info=&#8221;{}&#8221;][\/et_pb_image][et_pb_button button_url=&#8221;http:\/\/braziliandayphiladelphia.com\/?page_id=352&#8243; button_text=&#8221;BECOME A VOLUNTEER&#8221; button_alignment=&#8221;center&#8221; _builder_version=&#8221;4.21.0&#8243; _module_preset=&#8221;default&#8221; custom_button=&#8221;on&#8221; button_bg_color=&#8221;#207f00&#8243; button_border_width=&#8221;2px&#8221; button_border_radius=&#8221;3px&#8221; button_icon=&#8221;&#x3d;||divi||400&#8243; background_layout=&#8221;dark&#8221; button_text_shadow_style=&#8221;preset3&#8243; global_colors_info=&#8221;{}&#8221;][\/et_pb_button][\/et_pb_column][\/et_pb_row][\/et_pb_section][et_pb_section fb_built=&#8221;1&#8243; module_id=&#8221;history-anchor&#8221; _builder_version=&#8221;4.21.0&#8243; _module_preset=&#8221;default&#8221; background_image=&#8221;http:\/\/braziliandayphiladelphia.com\/wp-content\/uploads\/2015\/07\/chinaGreen.jpg&#8221; background_size=&#8221;initial&#8221; background_position=&#8221;top_left&#8221; background_repeat=&#8221;repeat&#8221; global_colors_info=&#8221;{}&#8221;][et_pb_row _builder_version=&#8221;4.21.0&#8243; _module_preset=&#8221;default&#8221; global_colors_info=&#8221;{}&#8221;][et_pb_column type=&#8221;4_4&#8243; _builder_version=&#8221;4.21.0&#8243; _module_preset=&#8221;default&#8221; global_colors_info=&#8221;{}&#8221;][et_pb_text _builder_version=&#8221;4.27.0&#8243; _module_preset=&#8221;default&#8221; text_font=&#8221;Archivo Black|600|||||||&#8221; text_text_color=&#8221;#305cde&#8221; text_font_size=&#8221;30px&#8221; text_line_height=&#8221;1.2em&#8221; text_orientation=&#8221;center&#8221; hover_enabled=&#8221;0&#8243; global_colors_info=&#8221;{}&#8221; sticky_enabled=&#8221;0&#8243;]<\/p>\n<p>The History of Brazilian Independence Day<\/p>\n<p>[\/et_pb_text][\/et_pb_column][\/et_pb_row][et_pb_row column_structure=&#8221;1_2,1_2&#8243; _builder_version=&#8221;4.21.0&#8243; _module_preset=&#8221;default&#8221; global_colors_info=&#8221;{}&#8221;][et_pb_column type=&#8221;1_2&#8243; _builder_version=&#8221;4.21.0&#8243; _module_preset=&#8221;default&#8221; global_colors_info=&#8221;{}&#8221;][et_pb_text _builder_version=&#8221;4.21.0&#8243; _module_preset=&#8221;default&#8221; text_text_color=&#8221;#000000&#8243; global_colors_info=&#8221;{}&#8221;]<\/p>\n<p>The Independence of Brazil comprised a series of political events that occurred in 1821\u20131824, most of which involved disputes between Brazil and Portugal regarding the call for independence presented by the Brazilian Empire. It is celebrated on September 7, the anniversary of the September 7, 1822 date regent Prince Dom Pedro declared Brazil&#8217;s independence from Portugal. Formal recognition came with a treaty signed by Brazil and Portugal in autumn, 1825.<\/p>\n<p>[\/et_pb_text][et_pb_text _builder_version=&#8221;4.21.0&#8243; _module_preset=&#8221;default&#8221; text_text_color=&#8221;#000000&#8243; custom_padding=&#8221;||0px|||&#8221; global_colors_info=&#8221;{}&#8221;]<\/p>\n<p><strong>Origin of Brazil<\/strong><\/p>\n<p>The land now called Brazil was claimed by Portugal in April 1500, on the arrival of the Portuguese fleet commanded by Pedro \u00c1lvares Cabral. The Portuguese encountered Indigenous nations divided into several tribes, most of whom shared the same Tupi-Guaran\u00ed language family, and shared and disputed the territory.<\/p>\n<p>Though the first settlement was founded in 1532, colonization was effectively started in 1534, when Dom Jo\u00e3o III divided the territory into fifteen hereditary captaincies. This arrangement proved problematic, however, and in 1549 the king assigned a Governor-General to administer the entire colony. The Portuguese assimilated some of the native tribes while others slowly disappeared in long wars or by European diseases to which they had no immunity.<\/p>\n<p>[\/et_pb_text][\/et_pb_column][et_pb_column type=&#8221;1_2&#8243; _builder_version=&#8221;4.21.0&#8243; _module_preset=&#8221;default&#8221; global_colors_info=&#8221;{}&#8221;][et_pb_text _builder_version=&#8221;4.21.0&#8243; _module_preset=&#8221;default&#8221; text_text_color=&#8221;#000000&#8243; global_colors_info=&#8221;{}&#8221;]<\/p>\n<p>A Independ\u00eancia do Brasil ocorreu em 7 de setembro de 1822. A partir desta data o Brasil deixou de ser uma col\u00f4nia de Portugal. A proclama\u00e7\u00e3o foi feita por D. Pedro I as margens do riacho do Ipiranga em S\u00e3o Paulo.<\/p>\n<p>[\/et_pb_text][et_pb_text _builder_version=&#8221;4.21.0&#8243; _module_preset=&#8221;default&#8221; text_text_color=&#8221;#000000&#8243; custom_padding=&#8221;||0px|||&#8221; global_colors_info=&#8221;{}&#8221;]<\/p>\n<p><strong>Introdu\u00e7\u00e3o<\/strong><\/p>\n<p>A Independ\u00eancia do Brasil \u00e9 um dos fatos hist\u00f3ricos mais importantes de nosso pa\u00eds, pois marca o fim do dom\u00ednio portugu\u00eas e a conquista da autonomia pol\u00edtica. Muitas tentativas anteriores ocorreram e muitas pessoas morreram na luta por este ideal. Podemos citar o caso mais conhecido: Tiradentes. Foi executado pela coroa portuguesa por defender a liberdade de nosso pa\u00eds, durante o processo da Inconfid\u00eancia Mineira.<\/p>\n<p><strong>Dia do Fico<\/strong><\/p>\n<p>Em 9 de janeiro de 1822, D. Pedro I recebeu uma carta das cortes de Lisboa, exigindo seu retorno para Portugal. H\u00e1 tempos os portugueses insistiam nesta ideia, pois pretendiam recolonizar o Brasil e a presen\u00e7a de D. Pedro impedia este ideal. Por\u00e9m, D. Pedro respondeu negativamente aos chamados de Portugal e proclamou : &#8220;Se \u00e9 para o bem de todos e felicidade geral da na\u00e7\u00e3o, diga ao povo que fico.&#8221;<\/p>\n<p>&nbsp;<\/p>\n<p>[\/et_pb_text][\/et_pb_column][\/et_pb_row][\/et_pb_section][et_pb_section fb_built=&#8221;1&#8243; disabled_on=&#8221;on|on|on&#8221; _builder_version=&#8221;4.21.0&#8243; _module_preset=&#8221;default&#8221; background_image=&#8221;http:\/\/braziliandayphiladelphia.com\/wp-content\/uploads\/2015\/08\/fun.jpg&#8221; disabled=&#8221;on&#8221; global_colors_info=&#8221;{}&#8221;][et_pb_row _builder_version=&#8221;4.21.0&#8243; _module_preset=&#8221;default&#8221; background_color=&#8221;rgba(25,174,71,0.39)&#8221; custom_padding=&#8221;40px|40px||40px|false|false&#8221; global_colors_info=&#8221;{}&#8221;][et_pb_column type=&#8221;4_4&#8243; _builder_version=&#8221;4.21.0&#8243; _module_preset=&#8221;default&#8221; global_colors_info=&#8221;{}&#8221;][et_pb_text _builder_version=&#8221;4.21.0&#8243; _module_preset=&#8221;default&#8221; text_font=&#8221;Archivo Black|600|||||||&#8221; text_text_color=&#8221;#193375&#8243; text_font_size=&#8221;30px&#8221; text_line_height=&#8221;1.2em&#8221; text_orientation=&#8221;center&#8221; global_colors_info=&#8221;{}&#8221;]<\/p>\n<p>Join The Fun!<\/p>\n<p>[\/et_pb_text][et_pb_text _builder_version=&#8221;4.21.0&#8243; _module_preset=&#8221;default&#8221; text_text_color=&#8221;#000000&#8243; custom_padding=&#8221;||0px|||&#8221; global_colors_info=&#8221;{}&#8221;]<\/p>\n<p>We are excited to create the Festival Program! The event participants will be thrilled to take it home as a souvenir. We are also excited about offering advertising space in the Festival Program to support local businesses and our mission. All advertisements will feature full color printing! Please fill out the form below and we will contact you as soon as we can!<\/p>\n<p>[\/et_pb_text][et_pb_accordion _builder_version=&#8221;4.21.0&#8243; _module_preset=&#8221;default&#8221; global_colors_info=&#8221;{}&#8221;][et_pb_accordion_item title=&#8221;Inside&#8221; open=&#8221;on&#8221; _builder_version=&#8221;4.21.0&#8243; _module_preset=&#8221;default&#8221; global_colors_info=&#8221;{}&#8221; toggle_font=&#8221;|700|||||||&#8221;]<\/p>\n<p><strong>Size (W X L)<\/strong><\/p>\n<p>1\/8 Page (2.5&#8243;x2&#8243;) = $50<\/p>\n<p>1\/4 Page (5&#8243;x2&#8243; or 2.5&#8243;x4&#8243;) = $85<\/p>\n<p>1\/2 Page (5&#8243;x4&#8243;) = $150<\/p>\n<p>Full Page (5&#8243;x8&#8243;) = $260<\/p>\n<p>[\/et_pb_accordion_item][et_pb_accordion_item title=&#8221;Back Cover&#8221; _builder_version=&#8221;4.21.0&#8243; _module_preset=&#8221;default&#8221; global_colors_info=&#8221;{}&#8221; toggle_font=&#8221;|700|||||||&#8221; open=&#8221;off&#8221;]<\/p>\n<p><strong>Size (W X L)<\/strong><\/p>\n<p>Full Page (5&#8243;x8&#8243;) = $340<\/p>\n<p>[\/et_pb_accordion_item][et_pb_accordion_item title=&#8221;Program Insert&#8221; _builder_version=&#8221;4.21.0&#8243; _module_preset=&#8221;default&#8221; global_colors_info=&#8221;{}&#8221; toggle_font=&#8221;|700|||||||&#8221; open=&#8221;off&#8221;]<\/p>\n<p><strong>Size (W X L)<\/strong><\/p>\n<p>(Only one insert for the Festival Program! First come, first serve)<\/p>\n<p>Single Side (3.5&#8243;x5.5&#8243;) = $120<\/p>\n<p>Double Sides (3.5&#8243;x5.5&#8243;) = $200<\/p>\n<p>[\/et_pb_accordion_item][\/et_pb_accordion][et_pb_code _builder_version=&#8221;4.21.0&#8243; _module_preset=&#8221;default&#8221; text_orientation=&#8221;center&#8221; global_colors_info=&#8221;{}&#8221;]<button class=\"btn-reveal\" onclick=\"myFunction()\">CLICK HERE TO GET THE DETAILS!<\/button><!-- [et_pb_line_break_holder] --><script><!-- [et_pb_line_break_holder] -->function myFunction() {<!-- [et_pb_line_break_holder] -->  var x = document.getElementById(\"myDIV\");<!-- [et_pb_line_break_holder] -->  if (x.style.display === \"block\") {<!-- [et_pb_line_break_holder] -->    x.style.display = \"none\";<!-- [et_pb_line_break_holder] -->  } else {<!-- [et_pb_line_break_holder] -->    x.style.display = \"block\";<!-- [et_pb_line_break_holder] -->  }<!-- [et_pb_line_break_holder] -->}<\/script>[\/et_pb_code][et_pb_contact_form email=&#8221;BrazilianDayPhiladelphia@gmail.com&#8221; module_id=&#8221;myDIV&#8221; _builder_version=&#8221;4.21.0&#8243; _module_preset=&#8221;default&#8221; _unique_id=&#8221;524ee477-62f9-4bc6-832d-0c3e569543c6&#8243; custom_button=&#8221;on&#8221; button_text_color=&#8221;#000000&#8243; global_colors_info=&#8221;{}&#8221;][et_pb_contact_field field_id=&#8221;Business_Name&#8221; field_title=&#8221;Business Name&#8221; _builder_version=&#8221;4.21.0&#8243; global_colors_info=&#8221;{}&#8221; button_text_size__hover_enabled=&#8221;off&#8221; button_one_text_size__hover_enabled=&#8221;off&#8221; button_two_text_size__hover_enabled=&#8221;off&#8221; button_text_color__hover_enabled=&#8221;off&#8221; button_one_text_color__hover_enabled=&#8221;off&#8221; button_two_text_color__hover_enabled=&#8221;off&#8221; button_border_width__hover_enabled=&#8221;off&#8221; button_one_border_width__hover_enabled=&#8221;off&#8221; button_two_border_width__hover_enabled=&#8221;off&#8221; button_border_color__hover_enabled=&#8221;off&#8221; button_one_border_color__hover_enabled=&#8221;off&#8221; button_two_border_color__hover_enabled=&#8221;off&#8221; button_border_radius__hover_enabled=&#8221;off&#8221; button_one_border_radius__hover_enabled=&#8221;off&#8221; button_two_border_radius__hover_enabled=&#8221;off&#8221; button_letter_spacing__hover_enabled=&#8221;off&#8221; button_one_letter_spacing__hover_enabled=&#8221;off&#8221; button_two_letter_spacing__hover_enabled=&#8221;off&#8221; button_bg_color__hover_enabled=&#8221;off&#8221; button_one_bg_color__hover_enabled=&#8221;off&#8221; button_two_bg_color__hover_enabled=&#8221;off&#8221;][\/et_pb_contact_field][et_pb_contact_field field_id=&#8221;Individual_Name&#8221; field_title=&#8221;Individual Name&#8221; _builder_version=&#8221;4.21.0&#8243; global_colors_info=&#8221;{}&#8221; button_text_size__hover_enabled=&#8221;off&#8221; button_one_text_size__hover_enabled=&#8221;off&#8221; button_two_text_size__hover_enabled=&#8221;off&#8221; button_text_color__hover_enabled=&#8221;off&#8221; button_one_text_color__hover_enabled=&#8221;off&#8221; button_two_text_color__hover_enabled=&#8221;off&#8221; button_border_width__hover_enabled=&#8221;off&#8221; button_one_border_width__hover_enabled=&#8221;off&#8221; button_two_border_width__hover_enabled=&#8221;off&#8221; button_border_color__hover_enabled=&#8221;off&#8221; button_one_border_color__hover_enabled=&#8221;off&#8221; button_two_border_color__hover_enabled=&#8221;off&#8221; button_border_radius__hover_enabled=&#8221;off&#8221; button_one_border_radius__hover_enabled=&#8221;off&#8221; button_two_border_radius__hover_enabled=&#8221;off&#8221; button_letter_spacing__hover_enabled=&#8221;off&#8221; button_one_letter_spacing__hover_enabled=&#8221;off&#8221; button_two_letter_spacing__hover_enabled=&#8221;off&#8221; button_bg_color__hover_enabled=&#8221;off&#8221; button_one_bg_color__hover_enabled=&#8221;off&#8221; button_two_bg_color__hover_enabled=&#8221;off&#8221;][\/et_pb_contact_field][et_pb_contact_field field_id=&#8221;Email&#8221; field_title=&#8221;Email Address&#8221; field_type=&#8221;email&#8221; _builder_version=&#8221;4.16&#8243; global_colors_info=&#8221;{}&#8221; button_text_size__hover_enabled=&#8221;off&#8221; button_one_text_size__hover_enabled=&#8221;off&#8221; button_two_text_size__hover_enabled=&#8221;off&#8221; button_text_color__hover_enabled=&#8221;off&#8221; button_one_text_color__hover_enabled=&#8221;off&#8221; button_two_text_color__hover_enabled=&#8221;off&#8221; button_border_width__hover_enabled=&#8221;off&#8221; button_one_border_width__hover_enabled=&#8221;off&#8221; button_two_border_width__hover_enabled=&#8221;off&#8221; button_border_color__hover_enabled=&#8221;off&#8221; button_one_border_color__hover_enabled=&#8221;off&#8221; button_two_border_color__hover_enabled=&#8221;off&#8221; button_border_radius__hover_enabled=&#8221;off&#8221; button_one_border_radius__hover_enabled=&#8221;off&#8221; button_two_border_radius__hover_enabled=&#8221;off&#8221; button_letter_spacing__hover_enabled=&#8221;off&#8221; button_one_letter_spacing__hover_enabled=&#8221;off&#8221; button_two_letter_spacing__hover_enabled=&#8221;off&#8221; button_bg_color__hover_enabled=&#8221;off&#8221; button_one_bg_color__hover_enabled=&#8221;off&#8221; button_two_bg_color__hover_enabled=&#8221;off&#8221;][\/et_pb_contact_field][et_pb_contact_field field_id=&#8221;Phone_Number&#8221; field_title=&#8221;Phone Number&#8221; _builder_version=&#8221;4.21.0&#8243; global_colors_info=&#8221;{}&#8221; button_text_size__hover_enabled=&#8221;off&#8221; button_one_text_size__hover_enabled=&#8221;off&#8221; button_two_text_size__hover_enabled=&#8221;off&#8221; button_text_color__hover_enabled=&#8221;off&#8221; button_one_text_color__hover_enabled=&#8221;off&#8221; button_two_text_color__hover_enabled=&#8221;off&#8221; button_border_width__hover_enabled=&#8221;off&#8221; button_one_border_width__hover_enabled=&#8221;off&#8221; button_two_border_width__hover_enabled=&#8221;off&#8221; button_border_color__hover_enabled=&#8221;off&#8221; button_one_border_color__hover_enabled=&#8221;off&#8221; button_two_border_color__hover_enabled=&#8221;off&#8221; button_border_radius__hover_enabled=&#8221;off&#8221; button_one_border_radius__hover_enabled=&#8221;off&#8221; button_two_border_radius__hover_enabled=&#8221;off&#8221; button_letter_spacing__hover_enabled=&#8221;off&#8221; button_one_letter_spacing__hover_enabled=&#8221;off&#8221; button_two_letter_spacing__hover_enabled=&#8221;off&#8221; button_bg_color__hover_enabled=&#8221;off&#8221; button_one_bg_color__hover_enabled=&#8221;off&#8221; button_two_bg_color__hover_enabled=&#8221;off&#8221;][\/et_pb_contact_field][et_pb_contact_field field_id=&#8221;Address&#8221; field_title=&#8221;Address&#8221; fullwidth_field=&#8221;on&#8221; _builder_version=&#8221;4.21.0&#8243; global_colors_info=&#8221;{}&#8221; button_text_size__hover_enabled=&#8221;off&#8221; button_one_text_size__hover_enabled=&#8221;off&#8221; button_two_text_size__hover_enabled=&#8221;off&#8221; button_text_color__hover_enabled=&#8221;off&#8221; button_one_text_color__hover_enabled=&#8221;off&#8221; button_two_text_color__hover_enabled=&#8221;off&#8221; button_border_width__hover_enabled=&#8221;off&#8221; button_one_border_width__hover_enabled=&#8221;off&#8221; button_two_border_width__hover_enabled=&#8221;off&#8221; button_border_color__hover_enabled=&#8221;off&#8221; button_one_border_color__hover_enabled=&#8221;off&#8221; button_two_border_color__hover_enabled=&#8221;off&#8221; button_border_radius__hover_enabled=&#8221;off&#8221; button_one_border_radius__hover_enabled=&#8221;off&#8221; button_two_border_radius__hover_enabled=&#8221;off&#8221; button_letter_spacing__hover_enabled=&#8221;off&#8221; button_one_letter_spacing__hover_enabled=&#8221;off&#8221; button_two_letter_spacing__hover_enabled=&#8221;off&#8221; button_bg_color__hover_enabled=&#8221;off&#8221; button_one_bg_color__hover_enabled=&#8221;off&#8221; button_two_bg_color__hover_enabled=&#8221;off&#8221;][\/et_pb_contact_field][et_pb_contact_field field_id=&#8221;City_&#038;_State&#8221; field_title=&#8221;City &#038; State&#8221; fullwidth_field=&#8221;on&#8221; _builder_version=&#8221;4.21.0&#8243; global_colors_info=&#8221;{}&#8221; button_text_size__hover_enabled=&#8221;off&#8221; button_one_text_size__hover_enabled=&#8221;off&#8221; button_two_text_size__hover_enabled=&#8221;off&#8221; button_text_color__hover_enabled=&#8221;off&#8221; button_one_text_color__hover_enabled=&#8221;off&#8221; button_two_text_color__hover_enabled=&#8221;off&#8221; button_border_width__hover_enabled=&#8221;off&#8221; button_one_border_width__hover_enabled=&#8221;off&#8221; button_two_border_width__hover_enabled=&#8221;off&#8221; button_border_color__hover_enabled=&#8221;off&#8221; button_one_border_color__hover_enabled=&#8221;off&#8221; button_two_border_color__hover_enabled=&#8221;off&#8221; button_border_radius__hover_enabled=&#8221;off&#8221; button_one_border_radius__hover_enabled=&#8221;off&#8221; button_two_border_radius__hover_enabled=&#8221;off&#8221; button_letter_spacing__hover_enabled=&#8221;off&#8221; button_one_letter_spacing__hover_enabled=&#8221;off&#8221; button_two_letter_spacing__hover_enabled=&#8221;off&#8221; button_bg_color__hover_enabled=&#8221;off&#8221; button_one_bg_color__hover_enabled=&#8221;off&#8221; button_two_bg_color__hover_enabled=&#8221;off&#8221;][\/et_pb_contact_field][et_pb_contact_field field_id=&#8221;Zip_Code&#8221; field_title=&#8221;Zip Code&#8221; fullwidth_field=&#8221;on&#8221; _builder_version=&#8221;4.21.0&#8243; global_colors_info=&#8221;{}&#8221; button_text_size__hover_enabled=&#8221;off&#8221; button_one_text_size__hover_enabled=&#8221;off&#8221; button_two_text_size__hover_enabled=&#8221;off&#8221; button_text_color__hover_enabled=&#8221;off&#8221; button_one_text_color__hover_enabled=&#8221;off&#8221; button_two_text_color__hover_enabled=&#8221;off&#8221; button_border_width__hover_enabled=&#8221;off&#8221; button_one_border_width__hover_enabled=&#8221;off&#8221; button_two_border_width__hover_enabled=&#8221;off&#8221; button_border_color__hover_enabled=&#8221;off&#8221; button_one_border_color__hover_enabled=&#8221;off&#8221; button_two_border_color__hover_enabled=&#8221;off&#8221; button_border_radius__hover_enabled=&#8221;off&#8221; button_one_border_radius__hover_enabled=&#8221;off&#8221; button_two_border_radius__hover_enabled=&#8221;off&#8221; button_letter_spacing__hover_enabled=&#8221;off&#8221; button_one_letter_spacing__hover_enabled=&#8221;off&#8221; button_two_letter_spacing__hover_enabled=&#8221;off&#8221; button_bg_color__hover_enabled=&#8221;off&#8221; button_one_bg_color__hover_enabled=&#8221;off&#8221; button_two_bg_color__hover_enabled=&#8221;off&#8221;][\/et_pb_contact_field][\/et_pb_contact_form][\/et_pb_column][\/et_pb_row][\/et_pb_section][et_pb_section fb_built=&#8221;1&#8243; _builder_version=&#8221;4.21.0&#8243; _module_preset=&#8221;default&#8221; background_color=&#8221;RGBA(255,255,255,0)&#8221; use_background_color_gradient=&#8221;on&#8221; background_color_gradient_stops=&#8221;rgba(255,255,255,0.5) 0%|rgba(255,255,255,0.5) 100%&#8221; background_color_gradient_overlays_image=&#8221;on&#8221; background_image=&#8221;http:\/\/braziliandayphiladelphia.com\/wp-content\/uploads\/2015\/07\/20140921_brazilian_day_034.jpg&#8221; custom_margin=&#8221;30px||||false|false&#8221; custom_padding=&#8221;50px||50px||true|false&#8221; global_colors_info=&#8221;{}&#8221;][et_pb_row _builder_version=&#8221;4.21.0&#8243; _module_preset=&#8221;default&#8221; global_colors_info=&#8221;{}&#8221;][et_pb_column type=&#8221;4_4&#8243; _builder_version=&#8221;4.21.0&#8243; _module_preset=&#8221;default&#8221; global_colors_info=&#8221;{}&#8221;][et_pb_image src=&#8221;http:\/\/braziliandayphiladelphia.com\/wp-content\/uploads\/2023\/08\/vendor-png.png&#8221; title_text=&#8221;vendor-png&#8221; align=&#8221;center&#8221; _builder_version=&#8221;4.21.0&#8243; _module_preset=&#8221;default&#8221; width=&#8221;300px&#8221; max_width_tablet=&#8221;30%&#8221; max_width_phone=&#8221;62%&#8221; max_width_last_edited=&#8221;on|desktop&#8221; global_colors_info=&#8221;{}&#8221;][\/et_pb_image][et_pb_button button_url=&#8221;http:\/\/braziliandayphiladelphia.com\/?page_id=391&#8243; button_text=&#8221;BECOME A VENDOR&#8221; button_alignment=&#8221;center&#8221; _builder_version=&#8221;4.21.0&#8243; _module_preset=&#8221;default&#8221; custom_button=&#8221;on&#8221; button_bg_color=&#8221;#207f00&#8243; button_border_width=&#8221;2px&#8221; button_border_radius=&#8221;3px&#8221; button_icon=&#8221;&#x3d;||divi||400&#8243; background_layout=&#8221;dark&#8221; button_text_shadow_style=&#8221;preset3&#8243; global_colors_info=&#8221;{}&#8221;][\/et_pb_button][\/et_pb_column][\/et_pb_row][\/et_pb_section][et_pb_section fb_built=&#8221;1&#8243; module_id=&#8221;donate-anchor&#8221; _builder_version=&#8221;4.21.0&#8243; _module_preset=&#8221;default&#8221; background_image=&#8221;http:\/\/braziliandayphiladelphia.com\/wp-content\/uploads\/2015\/07\/kissLight.jpg&#8221; custom_margin=&#8221;30px||||false|false&#8221; custom_padding=&#8221;50px||50px||true|false&#8221; global_colors_info=&#8221;{}&#8221;][et_pb_row _builder_version=&#8221;4.21.0&#8243; _module_preset=&#8221;default&#8221; global_colors_info=&#8221;{}&#8221;][et_pb_column type=&#8221;4_4&#8243; _builder_version=&#8221;4.21.0&#8243; _module_preset=&#8221;default&#8221; global_colors_info=&#8221;{}&#8221;][et_pb_text _builder_version=&#8221;4.27.0&#8243; _module_preset=&#8221;default&#8221; text_font=&#8221;Archivo Black|600|||||||&#8221; text_text_color=&#8221;#305cde&#8221; text_font_size=&#8221;33px&#8221; text_line_height=&#8221;1.2em&#8221; text_orientation=&#8221;center&#8221; hover_enabled=&#8221;0&#8243; global_colors_info=&#8221;{}&#8221; sticky_enabled=&#8221;0&#8243;]<\/p>\n<p>SHOW YOUR SUPPORT!<\/p>\n<p>[\/et_pb_text][et_pb_text _builder_version=&#8221;4.21.0&#8243; _module_preset=&#8221;default&#8221; text_font=&#8221;Archivo|600|||||||&#8221; text_text_color=&#8221;#000000&#8243; text_font_size=&#8221;22px&#8221; text_orientation=&#8221;center&#8221; global_colors_info=&#8221;{}&#8221;]<\/p>\n<p>Make a Tax Deductible Donation!<\/p>\n<p>[\/et_pb_text][et_pb_code _builder_version=&#8221;4.21.0&#8243; _module_preset=&#8221;default&#8221; text_orientation=&#8221;center&#8221; custom_margin=&#8221;||0px||false|false&#8221; global_colors_info=&#8221;{}&#8221;]<\/p>\n<form action=\"https:\/\/www.paypal.com\/cgi-bin\/webscr\" method=\"post\" target=\"_blank\"><input name=\"cmd\" type=\"hidden\" value=\"_s-xclick\" \/> <input name=\"hosted_button_id\" type=\"hidden\" value=\"GF57G3RJZP5V6\" \/> <input alt=\"PayPal - The safer, easier way to pay online!\" name=\"submit\" src=\"https:\/\/www.paypal.com\/en_US\/i\/btn\/btn_donateCC_LG.gif\" type=\"image\" \/> <img decoding=\"async\" loading=\"lazy\" src=\"https:\/\/www.paypal.com\/en_US\/i\/scr\/pixel.gif\" alt=\"\" width=\"1\" height=\"1\" border=\"0\" \/><\/form>\n<p>[\/et_pb_code][\/et_pb_column][\/et_pb_row][\/et_pb_section]<\/p>\n","protected":false},"excerpt":{"rendered":"<p>The OrganizerProject CapoeiraMissionProject Capoeira is the instrumental organizer, promoter, and participant of Brazilian Day Philadelphia. As a 501(C)(3) nonprofit organization, the mission of Project Capoeira, Inc. is to preserve, develop, and share Capoeira, a Brazilian folk art that combines elements of martial arts, music, dance, and acrobatics. Our activities grow intercultural understanding and a sense [&hellip;]<\/p>\n","protected":false},"author":6,"featured_media":0,"parent":0,"menu_order":0,"comment_status":"open","ping_status":"closed","template":"","meta":{"_et_pb_use_builder":"on","_et_pb_old_content":"<h1><a href=\"#organizer\">The Organizer<\/a><\/h1>\n<h3>Project Capoeira<\/h3>\n<a href=\"http:\/\/www.phillycapoeira.com\/\" target=\"_blank\" rel=\"noopener noreferrer\"><img class=\"alignnone size-medium wp-image-506\" style=\"display: block; margin-left: auto; margin-right: auto;\" src=\"..\/wp-content\/uploads\/2015\/08\/pclogo-300x191.jpg\" alt=\"pclogo\" width=\"300\" height=\"191\"><\/a>\n<h3 class=\"widget-title\">Mission<\/h3>\n<p style=\"text-align: justify;\">Project Capoeira is the instrumental organizer, promoter, and participant of Brazilian Day Philadelphia. As a 501(C)(3) nonprofit organization, th<span style=\"font-weight: 400;\">e mission of Project Capoeira, Inc. is to preserve, develop, and share Capoeira, a Brazilian folk art that combines elements of martial arts, music, dance, and acrobatics. Our activities grow intercultural understanding and a sense of community through arts education and social outreach. The organization uses Capoeira as a vehicle to promote other Brazilian arts and to preserve Brazilian culture in Greater Philadelphia.<\/span><\/p>\n<p style=\"text-align: justify;\">Since 2001, Project Capoeira enriches the community through public performances, street festivals, community workshops, and regular classes.<\/p>\n\n<ul class=\"sow-slider-images\" data-settings=\"{&quot;pagination&quot;:true,&quot;speed&quot;:800,&quot;timeout&quot;:5000}\">\n \t<li style=\"list-style-type: none;\">\n<ul class=\"sow-slider-images\" data-settings=\"{&quot;pagination&quot;:true,&quot;speed&quot;:800,&quot;timeout&quot;:5000}\">\n \t<li class=\"sow-slider-image sow-slider-image-cover\" style=\"background-image: url('http:\/\/braziliandayphiladelphia.com\/wp-content\/uploads\/2016\/05\/20150921_brazilian_day_philly_590.jpg');\"><img class=\"attachment-full\" src=\"http:\/\/braziliandayphiladelphia.com\/wp-content\/uploads\/2016\/05\/20150921_brazilian_day_philly_590.jpg\" alt=\"20150921_brazilian_day_philly_590\" width=\"1183\" height=\"787\"><\/li>\n<\/ul>\n<\/li>\n<\/ul>\n<ul class=\"sow-slider-images\" data-settings=\"{&quot;pagination&quot;:true,&quot;speed&quot;:800,&quot;timeout&quot;:5000}\">\n \t<li style=\"list-style-type: none;\">\n<ul class=\"sow-slider-images\" data-settings=\"{&quot;pagination&quot;:true,&quot;speed&quot;:800,&quot;timeout&quot;:5000}\">\n \t<li class=\"sow-slider-image sow-slider-image-cover\" style=\"background-image: url('http:\/\/braziliandayphiladelphia.com\/wp-content\/uploads\/2016\/05\/20150921_brazilian_day_philly_018.jpg');\"><img class=\"attachment-full\" src=\"http:\/\/braziliandayphiladelphia.com\/wp-content\/uploads\/2016\/05\/20150921_brazilian_day_philly_018.jpg\" alt=\"20150921_brazilian_day_philly_018\" width=\"1440\" height=\"960\"><\/li>\n<\/ul>\n<\/li>\n<\/ul>\n<ul class=\"sow-slider-images\" data-settings=\"{&quot;pagination&quot;:true,&quot;speed&quot;:800,&quot;timeout&quot;:5000}\">\n \t<li class=\"sow-slider-image sow-slider-image-cover\" style=\"background-image: url('http:\/\/braziliandayphiladelphia.com\/wp-content\/uploads\/2016\/05\/20150921_brazilian_day_philly_549.jpg');\"><img class=\"attachment-full\" src=\"http:\/\/braziliandayphiladelphia.com\/wp-content\/uploads\/2016\/05\/20150921_brazilian_day_philly_549.jpg\" alt=\"20150921_brazilian_day_philly_549\" width=\"1183\" height=\"787\"><\/li>\n<\/ul>\n<ol class=\"sow-slider-pagination\">\n \t<li><a href=\"#\" data-goto=\"0\">1<\/a><\/li>\n \t<li><a href=\"#\" data-goto=\"1\">2<\/a><\/li>\n \t<li><a href=\"#\" data-goto=\"2\">3<\/a><\/li>\n<\/ol>\n<h3 class=\"widget-title\">Our Supporters<\/h3>\n<ul>\n \t<li style=\"list-style-type: none;\">\n<ul>\n \t<li class=\"hover_effects_li\"><a href=\"http:\/\/www.philaculturalfund.org\/\" target=\"_blank\" rel=\"noopener noreferrer\"> <img src=\"http:\/\/braziliandayphiladelphia.com\/wp-content\/uploads\/2015\/08\/07.-pcf_logo_big1.jpg\" alt=\"\"><\/a>\n<h3 style=\"font-size: 16px;\">Philadelphia Culture Fund<\/h3>\n<p style=\"border: none; font-size: 12px;\">Commitment to the Arts in Philadelphia<\/p>\n<\/li>\n<\/ul>\n<\/li>\n<\/ul>\n<ul>\n \t<li style=\"list-style-type: none;\">\n<ul>\n \t<li class=\"hover_effects_li\"><a href=\"https:\/\/alpha.phila.gov\/departments\/office-of-immigrant-affairs\/\" target=\"_blank\" rel=\"noopener noreferrer\"> <img src=\"http:\/\/braziliandayphiladelphia.com\/wp-content\/uploads\/2016\/08\/OIA_Logo-Vector.jpg\" alt=\"\"><\/a>\n<h3 style=\"font-size: 16px;\">Office of Immigrant Affairs<\/h3>\n<\/li>\n<\/ul>\n<\/li>\n<\/ul>\n<ul>\n \t<li style=\"list-style-type: none;\">\n<ul>\n \t<li class=\"hover_effects_li\"><a href=\"https:\/\/www.arts.gov\" target=\"_blank\" rel=\"noopener noreferrer\"> <img src=\"http:\/\/braziliandayphiladelphia.com\/wp-content\/uploads\/2018\/07\/aw-color-logo-small-cropped1.jpg\" alt=\"\"><\/a>\n<h3 style=\"font-size: 16px;\">National Endowment of the Arts<\/h3>\n<\/li>\n<\/ul>\n<\/li>\n<\/ul>\n<ul>\n \t<li style=\"list-style-type: none;\">\n<ul>\n \t<li class=\"hover_effects_li\"><a href=\"https:\/\/www.arts.pa.gov\/Pages\/default.aspx\" target=\"_blank\" rel=\"noopener noreferrer\"> <img src=\"http:\/\/braziliandayphiladelphia.com\/wp-content\/uploads\/2022\/07\/PCA-logo-color-01.jpg\" alt=\"\"><\/a>\n<h3 style=\"font-size: 16px;\">Pennsylvania Council on the Arts<\/h3>\n<\/li>\n<\/ul>\n<\/li>\n<\/ul>\n<ul>\n \t<li style=\"list-style-type: none;\">\n<ul>\n \t<li class=\"hover_effects_li\"><a href=\"https:\/\/www.nalac.org\" target=\"_blank\" rel=\"noopener noreferrer\"> <img src=\"http:\/\/braziliandayphiladelphia.com\/wp-content\/uploads\/2019\/05\/2016NALAC_Logo_Black_Print-1520x300dpi.png\" alt=\"\"><\/a>\n<h3 style=\"font-size: 16px;\">National Association of Latino Arts and Cultures<\/h3>\n<\/li>\n<\/ul>\n<\/li>\n<\/ul>\n<ul>\n \t<li style=\"list-style-type: none;\">\n<ul>\n \t<li class=\"hover_effects_li\"><a href=\"\/\/novayork.itamaraty.gov.br\/en-us\/\" target=\"_blank\" rel=\"noopener noreferrer\"> <img src=\"http:\/\/braziliandayphiladelphia.com\/wp-content\/uploads\/2019\/08\/NewYork2-Brazilian-Consulate-logo.png\" alt=\"\"><\/a>\n<h3 style=\"font-size: 16px;\">Consulate General of Brazil: New York<\/h3>\n<\/li>\n<\/ul>\n<\/li>\n<\/ul>\n<ul>\n \t<li style=\"list-style-type: none;\">\n<ul>\n \t<li class=\"hover_effects_li\"><a href=\"https:\/\/www.delawareriverwaterfront.com\" target=\"_blank\" rel=\"noopener noreferrer\"> <img src=\"http:\/\/braziliandayphiladelphia.com\/wp-content\/uploads\/2021\/07\/DRWC-logo.jpg\" alt=\"\"><\/a>\n<h3 style=\"font-size: 16px;\">Delaware River Waterfront Corporation<\/h3>\n<\/li>\n<\/ul>\n<\/li>\n<\/ul>\n<ul>\n \t<li style=\"list-style-type: none;\">\n<ul>\n \t<li class=\"hover_effects_li\"><a href=\"https:\/\/www.peco.com\/Pages\/default.aspx\" target=\"_blank\" rel=\"noopener noreferrer\"> <img src=\"http:\/\/braziliandayphiladelphia.com\/wp-content\/uploads\/2022\/07\/peco_logo_sm_pos_rgb_int.png\" alt=\"\"><\/a>\n<h3 style=\"font-size: 16px;\">PECO: an Exelon Company<\/h3>\n<\/li>\n<\/ul>\n<\/li>\n<\/ul>\n<ul>\n \t<li class=\"hover_effects_li\"><a href=\"https:\/\/thelatinoconnection.com\" target=\"_blank\" rel=\"noopener noreferrer\"> <img src=\"http:\/\/braziliandayphiladelphia.com\/wp-content\/uploads\/2022\/08\/Visita-VHH-Brand_sq-txt-bxd.png\" alt=\"\"><\/a>\n<h3 style=\"font-size: 16px;\">Latino Connection<\/h3>\n<\/li>\n<\/ul>\n<p style=\"text-align=: center;\"><a><img style=\"display: block; margin-left: auto; margin-right: auto;\" src=\"http:\/\/braziliandayphiladelphia.com\/wp-content\/uploads\/2015\/07\/handshake-300x184.png\" alt=\"handshake\" width=\"300\" height=\"184\"><\/a><\/p>\n<p style=\"text-align: center;\"><a class=\"woo-sc-button  custom large\" style=\"background: #207F00; border-color: #207F00;\" href=\"http:\/\/braziliandayphiladelphia.com\/?page_id=349\"><span class=\"woo-\">Become A Sponsor<\/span><\/a><\/p>\n\n<h1>About<\/h1>\n<ul class=\"sow-slider-images\" data-settings=\"{&quot;pagination&quot;:true,&quot;speed&quot;:800,&quot;timeout&quot;:5000}\">\n \t<li style=\"list-style-type: none;\">\n<ul class=\"sow-slider-images\" data-settings=\"{&quot;pagination&quot;:true,&quot;speed&quot;:800,&quot;timeout&quot;:5000}\">\n \t<li class=\"sow-slider-image sow-slider-image-cover\" style=\"background-image: url('http:\/\/braziliandayphiladelphia.com\/wp-content\/uploads\/2017\/08\/IMG_67341.jpg');\"><img class=\"attachment-full\" src=\"http:\/\/braziliandayphiladelphia.com\/wp-content\/uploads\/2017\/08\/IMG_67341.jpg\" alt=\"IMG_6734\" width=\"960\" height=\"640\"><\/li>\n<\/ul>\n<\/li>\n<\/ul>\n<ul class=\"sow-slider-images\" data-settings=\"{&quot;pagination&quot;:true,&quot;speed&quot;:800,&quot;timeout&quot;:5000}\">\n \t<li class=\"sow-slider-image sow-slider-image-cover\" style=\"background-image: url('http:\/\/braziliandayphiladelphia.com\/wp-content\/uploads\/2016\/05\/20150921_brazilian_day_philly_759.jpg');\"><img class=\"attachment-full\" src=\"http:\/\/braziliandayphiladelphia.com\/wp-content\/uploads\/2016\/05\/20150921_brazilian_day_philly_759.jpg\" alt=\"20150921_brazilian_day_philly_759\" width=\"958\" height=\"1440\"><\/li>\n<\/ul>\n<ol class=\"sow-slider-pagination\">\n \t<li><a href=\"#\" data-goto=\"0\">1<\/a><\/li>\n \t<li><a href=\"#\" data-goto=\"1\">2<\/a><\/li>\n<\/ol>\n<h3 class=\"widget-title\">Our Mission<\/h3>\n<p style=\"text-align: justify;\">Brazilian Day Philadelphia Series occurs in September to celebrate Brazilian Independence Day.&nbsp;<span class=\"s1\" style=\"line-height: 1.5;\">The Series celebrates, promotes, and shares Brazilian arts and culture in the Greater Philadelphia region while fostering intercultural exchange and uniting the Brazilian community.&nbsp;<\/span><\/p>\n<p style=\"text-align: justify;\"><\/p>\n<p style=\"text-align: justify;\">Since 2014, the Brazilian Day Philadelphia Series includes a flag ceremony, Capoeira performances and classes, and a variety of other arts and cultural events for the public to enjoy.<\/p>\n\n<h3 class=\"widget-title\">Location<\/h3>\n<p style=\"text-align: justify;\">The Brazilian Day Philadelphia Series includes a flag ceremony at Philadelphia's City Hall. Capoeira performances and classes at Project Capoeira's Cultural Center, 1213 Race St. &nbsp;Other Brazilian Day Philadelphia Series arts and cultural events occur in Philadelphia for the public to enjoy. More specifics will be listed on the \"Schedule\" website section as event planning continues.<\/p>\n\n<h5>Give us a call<\/h5>\n215-601-9117\n<h5>Accessibility&nbsp;Coordinator - Hannah Wood<\/h5>\n610-762-7384\n<h5>Send us an email<\/h5>\n<p class=\"sow-more-text\"><a href=\"http:\/\/BrazilianDayPhiladelphia@gmail.com\"> BrazilianDayPhiladelphia@gmail.com <\/a><\/p>\n\n<h5>Write us a love letter<\/h5>\n<p class=\"sow-more-text\"><a href=\"https:\/\/www.google.com\/maps\/place\/Project+Capoeira\/@39.9553831,-75.1328207,13.33z\/data=!4m2!3m1!1s0x0:0x2b81008d3f3b5661\"> 1213 Race St Ground Floor Philadelphia, PA 19107 <\/a><\/p>\n\n<h1>Event Schedule<\/h1>\n<h2 style=\"text-align: center;\"><strong>Brazilian Day Philadelphia Series<\/strong><\/h2>\n<p style=\"text-align: center;\"><\/p>\n\n<h2 style=\"text-align: center;\">Event Schedule<\/h2>\n<h3 style=\"text-align: center;\">Brazilian Flag Ceremony, Friday, 9\/2\/2022, 11 am, City Hall North Apron<\/h3>\n<p style=\"text-align: center;\">Performances by Project Capoeira and Batala Philly<\/p>\n\n<h3 style=\"text-align: center;\"><\/h3>\n<h3 style=\"text-align: center;\">Capoeira Batizado, Workshops &amp; Roda, Saturday 9\/3\/2022 1 pm<\/h3>\n<h3 style=\"text-align: center;\">Project Capoeira\/ASCAB CAPOEIRA USA 1213 Race St., Phila. PA 19107<\/h3>\n<p style=\"text-align: center;\"><\/p>\n\n<h3 style=\"text-align: center;\">Brazilian Day Philadelphia, Sunday, 9\/4\/2022, &nbsp;1 pm - 7 pm, Penn's Landing<\/h3>\n<p style=\"text-align: center;\">Featured Artists: Project Capoeira including Capoeira and Samba, P\u00e2nico X, Dend\u00ea and Band, Acaraj\u00e9 Drums, DJs Caique and Pesadelo, Presenters Monica and Lana from Radio Philly USA<\/p>\n\n<h1>The History of Brazilian Independence Day<\/h1>\n<p style=\"text-align: justify;\">The Independence of Brazil comprised a series of political events that occurred in 1821\u20131824, most of which involved disputes between Brazil and Portugal regarding the call for independence presented by the Brazilian Empire. It is celebrated on September 7, the anniversary of the September 7, 1822 date regent Prince Dom Pedro declared Brazil's independence from Portugal. Formal recognition came with a treaty signed by Brazil and Portugal in autumn, 1825.<\/p>\n<p style=\"text-align: justify;\"><\/p>\n<p style=\"text-align: justify;\">Origin of Brazil<\/p>\n<p style=\"text-align: justify;\">The land now called Brazil was claimed by Portugal in April 1500, on the arrival of the Portuguese fleet commanded by Pedro \u00c1lvares Cabral. The Portuguese encountered Indigenous nations divided into several tribes, most of whom shared the same Tupi-Guaran\u00ed language family, and shared and disputed the territory.<\/p>\n<p class=\"s1\" style=\"text-align: justify;\">Though the first settlement was founded in 1532, colonization was effectively started in 1534, when Dom Jo\u00e3o III divided the territory into fifteen hereditary captaincies. This arrangement proved problematic, however, and in 1549 the king assigned a Governor-General to administer the entire colony. The Portuguese assimilated some of the native tribes while others slowly disappeared in long wars or by European diseases to which they had no immunity.<\/p>\n<p style=\"text-align: justify;\"><\/p>\n<p style=\"text-align: justify;\"><a href=\"http:\/\/braziliandayphiladelphia.com\/?page_id=533\">Read More<\/a><\/p>\n<p style=\"text-align: justify;\">A Independ\u00eancia do Brasil ocorreu em 7 de setembro de 1822. A partir desta data o Brasil deixou de ser uma col\u00f4nia de Portugal. A proclama\u00e7\u00e3o foi feita por D. Pedro I as margens do riacho do Ipiranga em S\u00e3o Paulo.<\/p>\n<p style=\"text-align: justify;\"><\/p>\n<p style=\"text-align: justify;\"><strong>Introdu\u00e7\u00e3o<\/strong><\/p>\n<p style=\"text-align: justify;\"><\/p>\n<p style=\"text-align: justify;\">A Independ\u00eancia do Brasil \u00e9 um dos fatos hist\u00f3ricos mais importantes de nosso pa\u00eds, pois marca o fim do dom\u00ednio portugu\u00eas e a conquista da autonomia pol\u00edtica. Muitas tentativas anteriores ocorreram e muitas pessoas morreram na luta por este ideal. Podemos citar o caso mais conhecido: Tiradentes. Foi executado pela coroa portuguesa por defender a liberdade de nosso pa\u00eds, durante o processo da Inconfid\u00eancia Mineira.<\/p>\n<p style=\"text-align: justify;\"><\/p>\n<p style=\"text-align: justify;\"><strong>Dia do Fico<\/strong><\/p>\n<p style=\"text-align: justify;\"><\/p>\n<p style=\"text-align: justify;\">Em 9 de janeiro de 1822, D. Pedro I recebeu uma carta das cortes de Lisboa, exigindo seu retorno para Portugal. H\u00e1 tempos os portugueses insistiam nesta ideia, pois pretendiam recolonizar o Brasil e a presen\u00e7a de D. Pedro impedia este ideal. Por\u00e9m, D. Pedro respondeu negativamente aos chamados de Portugal e proclamou : \"Se \u00e9 para o bem de todos e felicidade geral da na\u00e7\u00e3o, diga ao povo que fico.\"<\/p>\n<p style=\"text-align: justify;\"><\/p>\n<p style=\"text-align: justify;\"><a href=\"http:\/\/braziliandayphiladelphia.com\/?page_id=536\">Leia Mais<\/a><\/p>\n\n<h1>Join The Fun!<\/h1>\nWe&nbsp;are excited to create the Festival Program! The event participants will be thrilled to take it home as a souvenir. We are also excited about offering advertising space in the Festival Program to support local businesses and our mission. All advertisements will feature full color printing! Please fill out the form below and we will contact you as soon as we can!\n<table>\n<tbody>\n<tr>\n<th><strong>Ad Location<\/strong><\/th>\n<th><strong>Size (W x L)<\/strong><\/th>\n<th><strong>Price<\/strong><\/th>\n<\/tr>\n<tr>\n<td rowspan=\"4\">Inside<\/td>\n<td>1\/8 Page (2.5'x2')<\/td>\n<td>$50<\/td>\n<\/tr>\n<tr>\n<td>1\/4 Page (5'x2' or 2.5'x4')<\/td>\n<td>$85<\/td>\n<\/tr>\n<tr>\n<td>1\/2 Page (5'x4')<\/td>\n<td>$150<\/td>\n<\/tr>\n<tr>\n<td>Full Page (5'x8')<\/td>\n<td>$260<\/td>\n<\/tr>\n<tr>\n<td>Back Cover<\/td>\n<td>Full Page (5'x8')<\/td>\n<td>$340<\/td>\n<\/tr>\n<tr>\n<td rowspan=\"2\">\n\nProgram Insert\n\n<i>(Only one insert for the Festival Program! First come, first serve)<\/i><\/td>\n<td>Single Side (3.5'x5.5')<\/td>\n<td>$120<\/td>\n<\/tr>\n<tr>\n<td>Double Sides (3.5'x5.5')<\/td>\n<td>$200<\/td>\n<\/tr>\n<\/tbody>\n<\/table>\n<h3 class=\"widget-title\"><\/h3>\n<form id=\"form_h9n4n03\" class=\"frm-show-form \" enctype=\"multipart\/form-data\" method=\"post\">\n<fieldset><legend class=\"frm_hidden\">Get the Details<\/legend><input name=\"frm_action\" type=\"hidden\" value=\"create\"> <input name=\"form_id\" type=\"hidden\" value=\"14\"> <input id=\"frm_hide_fields_14\" name=\"frm_hide_fields_14\" type=\"hidden\" value=\"\"> <input id=\"frm_helpers_14\" name=\"frm_helpers_14\" type=\"hidden\" value=\"[]\"> <input name=\"form_key\" type=\"hidden\" value=\"h9n4n03\"> <input name=\"item_meta[0]\" type=\"hidden\" value=\"\"> <input id=\"frm_submit_entry_14\" name=\"frm_submit_entry_14\" type=\"hidden\" value=\"4e09814e56\"><input name=\"_wp_http_referer\" type=\"hidden\" value=\"\/wp-admin\/admin-ajax.php?_panelsnonce=ebf7a47cdd\">\n<h3 class=\"frm_pos_top frm_section_spacing frm_trigger\">Click here to get the details!<i class=\"frm_icon_font frm_arrow_icon\"><\/i><\/h3>\n<label class=\"frm_primary_label\" for=\"field_k4kiyg3\">Business Name <span class=\"frm_required\">*<\/span> <\/label> <input id=\"field_k4kiyg3\" class=\"dyn_default_value\" name=\"item_meta[128]\" type=\"text\" value=\"\"> Business or Organization Name <label class=\"frm_primary_label\" for=\"field_l6lpmi3\">Individual Name <span class=\"frm_required\">*<\/span> <\/label> <input id=\"field_l6lpmi3\" class=\"dyn_default_value\" name=\"item_meta[131]\" type=\"text\" value=\"\"> Representative's Name <label class=\"frm_primary_label\" for=\"field_p6q7k13\">Email <span class=\"frm_required\">*<\/span> <\/label> <input id=\"field_p6q7k13\" class=\"dyn_default_value\" name=\"item_meta[129]\" type=\"email\" value=\"\"> name@email.com <label class=\"frm_primary_label\" for=\"field_l6xq1k3\">Phone <span class=\"frm_required\">*<\/span> <\/label> <input id=\"field_l6xq1k3\" class=\"dyn_default_value auto_width\" style=\"width: 115px;\" name=\"item_meta[130]\" type=\"tel\" value=\"\"> 555-555-5555 <label class=\"frm_primary_label\" for=\"field_m06axk3\">Address <span class=\"frm_required\">*<\/span> <\/label> <input id=\"field_m06axk3\" class=\"dyn_default_value\" name=\"item_meta[132]\" type=\"text\" value=\"\"> 123 Main Street <label class=\"frm_primary_label\" for=\"field_s7c62u3\">City &amp; State <span class=\"frm_required\">*<\/span> <\/label> <input id=\"field_s7c62u3\" class=\"dyn_default_value\" name=\"item_meta[133]\" type=\"text\" value=\"\"> Anytown, PA <label class=\"frm_primary_label\" for=\"field_3jnn2y3\">Zip Code <span class=\"frm_required\">*<\/span> <\/label> <input id=\"field_3jnn2y3\" class=\"dyn_default_value\" name=\"item_meta[134]\" type=\"text\" value=\"\"> 12345 <input name=\"item_key\" type=\"hidden\" value=\"\"> <input formnovalidate=\"formnovalidate\" type=\"submit\" value=\"Submit\"> <img class=\"frm_ajax_loading\" src=\"http:\/\/braziliandayphiladelphia.com\/wp-content\/plugins\/formidable\/images\/ajax_loader.gif\" alt=\"Sending\"><\/fieldset>\n<\/form><a href=\"http:\/\/braziliandayphiladelphia.com\/?page_id=352\"><img class=\"alignnone size-medium wp-image-450\" style=\"display: block; margin-left: auto; margin-right: auto;\" src=\"..\/wp-content\/uploads\/2015\/07\/volunteer1-300x300.png\" alt=\"volunteer\" width=\"300\" height=\"300\"><\/a>\n<p style=\"text-align: center;\"><\/p>\n<p style=\"text-align: center;\"><span style=\"color: #333333; font-family: Georgia, 'Times New Roman', 'Bitstream Charter', Times, serif; font-size: 16px; line-height: 32px;\"><a class=\"woo-sc-button  custom large\" style=\"background: #207F00; border-color: #207F00;\" href=\"http:\/\/braziliandayphiladelphia.com\/?page_id=352\"><span class=\"woo-\">Become a Volunteer<\/span><\/a><\/span><\/p>\n\n<h3 class=\"widget-title\">Show Your Support!<\/h3>\n<h4 style=\"text-align: center;\">Make a Tax Deductible Donation!<\/h4>\n<form action=\"https:\/\/www.paypal.com\/cgi-bin\/webscr\" method=\"post\" target=\"_blank\"><input name=\"cmd\" type=\"hidden\" value=\"_s-xclick\"> <input name=\"hosted_button_id\" type=\"hidden\" value=\"GF57G3RJZP5V6\"> <input alt=\"PayPal - The safer, easier way to pay online!\" name=\"submit\" src=\"https:\/\/www.paypal.com\/en_US\/i\/btn\/btn_donateCC_LG.gif\" type=\"image\"> <img src=\"https:\/\/www.paypal.com\/en_US\/i\/scr\/pixel.gif\" alt=\"\" width=\"1\" height=\"1\" border=\"0\"><\/form>","_et_gb_content_width":"","footnotes":""},"_links":{"self":[{"href":"http:\/\/braziliandayphiladelphia.com\/index.php?rest_route=\/wp\/v2\/pages\/471"}],"collection":[{"href":"http:\/\/braziliandayphiladelphia.com\/index.php?rest_route=\/wp\/v2\/pages"}],"about":[{"href":"http:\/\/braziliandayphiladelphia.com\/index.php?rest_route=\/wp\/v2\/types\/page"}],"author":[{"embeddable":true,"href":"http:\/\/braziliandayphiladelphia.com\/index.php?rest_route=\/wp\/v2\/users\/6"}],"replies":[{"embeddable":true,"href":"http:\/\/braziliandayphiladelphia.com\/index.php?rest_route=%2Fwp%2Fv2%2Fcomments&post=471"}],"version-history":[{"count":239,"href":"http:\/\/braziliandayphiladelphia.com\/index.php?rest_route=\/wp\/v2\/pages\/471\/revisions"}],"predecessor-version":[{"id":1404,"href":"http:\/\/braziliandayphiladelphia.com\/index.php?rest_route=\/wp\/v2\/pages\/471\/revisions\/1404"}],"wp:attachment":[{"href":"http:\/\/braziliandayphiladelphia.com\/index.php?rest_route=%2Fwp%2Fv2%2Fmedia&parent=471"}],"curies":[{"name":"wp","href":"https:\/\/api.w.org\/{rel}","templated":true}]}}